{"id":39,"date":"2016-03-10T11:28:15","date_gmt":"2016-03-10T09:28:15","guid":{"rendered":"https:\/\/www.erkkilansuku.fi\/?page_id=39"},"modified":"2024-02-26T08:31:49","modified_gmt":"2024-02-26T06:31:49","slug":"yhdistys","status":"publish","type":"page","link":"https:\/\/www.erkkilansuku.fi\/index.php\/yhdistys\/","title":{"rendered":"Yhdistys"},"content":{"rendered":"<div id=\"pl-39\"  class=\"panel-layout\" ><div id=\"pg-39-0\"  class=\"panel-grid panel-no-style\" ><div id=\"pgc-39-0-0\"  class=\"panel-grid-cell\" ><div id=\"panel-39-0-0-0\" class=\"so-panel widget widget_sow-editor panel-first-child panel-last-child\" data-index=\"0\" ><div\n\t\t\t\n\t\t\tclass=\"so-widget-sow-editor so-widget-sow-editor-base\"\n\t\t\t\n\t\t><h3 class=\"widget-title\">Yhdistys<\/h3>\n<div class=\"siteorigin-widget-tinymce textwidget\">\n\t<p>Erkkil\u00e4n suku on toiminut alusta asti j\u00e4rjest\u00e4ytyneesti, mutta vasta vuoden 2012 sukukokouksessa suvulle hyv\u00e4ksyttiin ensimm\u00e4iset <a href=\"https:\/\/www.erkkilansuku.fi\/index.php\/saannot\/\">s\u00e4\u00e4nn\u00f6t<\/a> ja sukuseura rekister\u00f6ityi yhdistykseksi. Sen seurauksena sukuseuralle tarvitaan j\u00e4seni\u00e4. Kaikki sukuun kuuluvat ovat tietysti sukuseuran toiminnan kohteena ja voivat osallistua tilaisuuksiin, mutta yhdistyksen j\u00e4seneksi hyv\u00e4ksyy hallitus hakemuksesta.<\/p>\n<p>J\u00e4senmaksu on 5 euroa\/vuosi. T\u00e4yt\u00e4 <a href=\"https:\/\/www.erkkilansuku.fi\/index.php\/jaseneksi\/\">j\u00e4senhakemus<\/a>lomake, niin saat tietoa toiminnasta s\u00e4hk\u00f6postilla.<\/p>\n<p>Toimintaa py\u00f6ritt\u00e4\u00e4 yhdistyksen <a href=\"https:\/\/www.erkkilansuku.fi\/index.php\/hallitus\/\">hallitus<\/a>, josta k\u00e4ytet\u00e4\u00e4n my\u00f6s perinteist\u00e4 nime\u00e4 sukutoimikunta. Sen j\u00e4seniin voi aina ottaa yhteytt\u00e4 sukuun ja toimintaan liittyviss\u00e4 asioissa.<\/p>\n<p>Suvulla on my\u00f6s muutamia perinteisi\u00e4 kunniavirkoja: Suvun esimies oli edesmennyt ministeri Jaakko Numminen, suvun vanhin on Matti Ojanper\u00e4, p\u00e4\u00e4em\u00e4nt\u00e4 Irma Rinta-Jaskari ja kunniapuheenjohtaja Antti Mantere.<\/p>\n<p>Viimeisin <a href=\"https:\/\/www.erkkilansuku.fi\/wp-content\/uploads\/2016\/12\/Erkkil%C3%A4%C3%A4set-2016.pdf\" target=\"_blank\" rel=\"noopener noreferrer\">j\u00e4sentiedote.<\/a><\/p>\n<\/div>\n<\/div><\/div><\/div><\/div><\/div>","protected":false},"excerpt":{"rendered":"<p>Erkkil\u00e4n suku on toiminut alusta asti j\u00e4rjest\u00e4ytyneesti, mutta vasta vuoden 2012 sukukokouksessa suvulle hyv\u00e4ksyttiin ensimm\u00e4iset s\u00e4\u00e4nn\u00f6t ja sukuseura rekister\u00f6ityi yhdistykseksi. Sen seurauksena sukuseuralle tarvitaan j\u00e4seni\u00e4. Kaikki sukuun kuuluvat ovat tietysti sukuseuran toiminnan kohteena ja voivat osallistua tilaisuuksiin, mutta yhdistyksen j\u00e4seneksi hyv\u00e4ksyy hallitus hakemuksesta. J\u00e4senmaksu on 5 euroa\/vuosi. T\u00e4yt\u00e4 j\u00e4senhakemuslomake, niin saat tietoa toiminnasta s\u00e4hk\u00f6postilla. Toimintaa [&hellip;]<\/p>\n","protected":false},"author":1,"featured_media":0,"parent":0,"menu_order":0,"comment_status":"closed","ping_status":"closed","template":"","meta":{"footnotes":""},"class_list":["post-39","page","type-page","status-publish","hentry"],"_links":{"self":[{"href":"https:\/\/www.erkkilansuku.fi\/index.php\/wp-json\/wp\/v2\/pages\/39","targetHints":{"allow":["GET"]}}],"collection":[{"href":"https:\/\/www.erkkilansuku.fi\/index.php\/wp-json\/wp\/v2\/pages"}],"about":[{"href":"https:\/\/www.erkkilansuku.fi\/index.php\/wp-json\/wp\/v2\/types\/page"}],"author":[{"embeddable":true,"href":"https:\/\/www.erkkilansuku.fi\/index.php\/wp-json\/wp\/v2\/users\/1"}],"replies":[{"embeddable":true,"href":"https:\/\/www.erkkilansuku.fi\/index.php\/wp-json\/wp\/v2\/comments?post=39"}],"version-history":[{"count":9,"href":"https:\/\/www.erkkilansuku.fi\/index.php\/wp-json\/wp\/v2\/pages\/39\/revisions"}],"predecessor-version":[{"id":688,"href":"https:\/\/www.erkkilansuku.fi\/index.php\/wp-json\/wp\/v2\/pages\/39\/revisions\/688"}],"wp:attachment":[{"href":"https:\/\/www.erkkilansuku.fi\/index.php\/wp-json\/wp\/v2\/media?parent=39"}],"curies":[{"name":"wp","href":"https:\/\/api.w.org\/{rel}","templated":true}]}}